{"id":96,"date":"2022-08-17T09:14:48","date_gmt":"2022-08-17T07:14:48","guid":{"rendered":"https:\/\/100prozbraslav.cz\/?page_id=96"},"modified":"2022-09-06T08:34:02","modified_gmt":"2022-09-06T06:34:02","slug":"o-nas","status":"publish","type":"page","link":"https:\/\/100prozbraslav.cz\/?page_id=96","title":{"rendered":"N\u00e1\u0161 t\u00fdm"},"content":{"rendered":"\n<p id=\"top\"><strong>Kdo jsou na\u0161i kandid\u00e1ti?<\/strong><\/p>\n\n\n\n<p>T\u00fdm 100pro Zbraslav je slo\u017een\u00fd z \u017een a mu\u017e\u016f r\u016fzn\u00e9ho v\u011bku, vzd\u011bl\u00e1n\u00ed, profes\u00ed, povol\u00e1n\u00ed, z\u00e1jm\u016f, vyzn\u00e1n\u00ed. Ze sv\u00fdch profesn\u00edch \u017eivot\u016f si p\u0159in\u00e1\u0161\u00edme znalosti, pracovitost a odpov\u011bdnost. Jsme zku\u0161en\u00ed zastupitel\u00e9 i odhodlan\u00ed nov\u00e1\u010dci. Jsme z r\u016fzn\u00fdch \u010d\u00e1st\u00ed Zbraslavi a vid\u00edme pot\u0159eby konkr\u00e9tn\u00edho m\u00edsta z n\u011bkolika r\u016fzn\u00fdch pohled\u016f. Spojuje n\u00e1s schopnost domluvit se, co\u017e je pro rozvoj obce velmi d\u016fle\u017eit\u00e9. Jsme aktivn\u00ed ve zbraslavsk\u00e9m ve\u0159ejn\u00e9m d\u011bn\u00ed a v m\u00edstn\u00edch spolc\u00edch. Na Zbraslavi prost\u011b \u017eijeme a pr\u00e1ce pro na\u0161i m\u011bstskou \u010d\u00e1st je za n\u00e1mi vid\u011bt. P\u0159i pr\u00e1ci n\u00e1s inspiruj\u00ed a pom\u00e1haj\u00ed n\u00e1m va\u0161e podn\u011bty, za kter\u00e9 v\u00e1m d\u011bkujeme.<\/p>\n\n\n\n<p class=\"has-text-color\" style=\"color:#ea5050\"><em>Pro zobrazen\u00ed medailonk\u016f jednotliv\u00fdch kandid\u00e1t\u016f klikn\u011bte na fotografii nebo jm\u00e9no.<\/em><\/p>\n\n\n\n<hr class=\"wp-block-separator has-text-color has-alpha-channel-opacity has-background is-style-default\" style=\"background-color:#ea5050;color:#ea5050\"\/>\n\n\n\n<div class='rt-container-fluid rt-team-container rt-pos-r rt-team-container-104 border' id='rt-team-container-208945828'  data-layout='layout3' data-desktop-col='3'  data-tab-col='2'  data-mobile-col='1' data-sc-id='104' data-popup-bg=''><div data-title='Loading ...' class='rt-row rt-content-loader layout3 ttp-even ttp-pre-loader'><div class=\"rt-col-md-4 rt-col-sm-6 rt-col-xs-12  even-grid-item rt-grid-item round-img\" data-id=\"508\"><div class=\"single-team-area\"><figure><a class=\"\" data-id=\"508\" target=\"_self\" href=\"https:\/\/100prozbraslav.cz\/?team=508\"><img loading=\"lazy\" decoding=\"async\" width=\"330\" height=\"330\" src=\"https:\/\/100prozbraslav.cz\/wp-content\/uploads\/2022\/09\/1_330x330px.png\" class=\"img-responsive rt-team-img\" alt=\"Ing. Zuzana Vejvodov\u00e1\" \/><\/a><\/figure><div class=\"tlp-content\"><h3><span class=\"team-name\"><a class=\"\" data-id=\"508\" target=\"_self\" title=\"Ing. Zuzana Vejvodov\u00e1\" href=\"https:\/\/100prozbraslav.cz\/?team=508\">Ing. Zuzana Vejvodov\u00e1<\/a><\/span><\/h3><\/div><div class=\"short-bio\"><p>starostka, stavebn\u00ed in\u017een\u00fdrka, dr\u017eitelka ceny P\u0159\u00edstav 2018, \u010dlenka poroty mezin\u00e1rodn\u00ed sout\u011b\u017ee o n\u00e1vrh p\u0159\u00edm\u011bstsk\u00e9ho parku Soutok<\/p>\n<\/div><\/div><\/div><div class=\"rt-col-md-4 rt-col-sm-6 rt-col-xs-12  even-grid-item rt-grid-item round-img\" data-id=\"102\"><div class=\"single-team-area\"><figure><a class=\"\" data-id=\"102\" target=\"_self\" href=\"https:\/\/100prozbraslav.cz\/?team=rndr-stepanka-hrda-ph-d\"><img loading=\"lazy\" decoding=\"async\" width=\"330\" height=\"330\" src=\"https:\/\/100prozbraslav.cz\/wp-content\/uploads\/2022\/08\/2_330x330px.png\" class=\"img-responsive rt-team-img\" alt=\"RNDr. \u0160t\u011bp\u00e1nka Hrd\u00e1, Ph.D.\" \/><\/a><\/figure><div class=\"tlp-content\"><h3><span class=\"team-name\"><a class=\"\" data-id=\"102\" target=\"_self\" title=\"RNDr. \u0160t\u011bp\u00e1nka Hrd\u00e1, Ph.D.\" href=\"https:\/\/100prozbraslav.cz\/?team=rndr-stepanka-hrda-ph-d\">RNDr. \u0160t\u011bp\u00e1nka Hrd\u00e1, Ph.D.<\/a><\/span><\/h3><\/div><div class=\"short-bio\"><p>v\u011bdeck\u00e1 pracovnice - biolo\u017eka, zastupitelka, p\u0159edsedkyn\u011b Finan\u010dn\u00edho v\u00fdboru, p\u0159edsedkyn\u011b Okra\u0161lovac\u00edho spolku<\/p>\n<\/div><\/div><\/div><div class=\"rt-col-md-4 rt-col-sm-6 rt-col-xs-12  even-grid-item rt-grid-item round-img\" data-id=\"144\"><div class=\"single-team-area\"><figure><a class=\"\" data-id=\"144\" target=\"_self\" href=\"https:\/\/100prozbraslav.cz\/?team=ing-radek-rejna\"><img loading=\"lazy\" decoding=\"async\" width=\"330\" height=\"330\" src=\"https:\/\/100prozbraslav.cz\/wp-content\/uploads\/2022\/08\/3_330x330px.png\" class=\"img-responsive rt-team-img\" alt=\"Ing. Radek Rejna\" \/><\/a><\/figure><div class=\"tlp-content\"><h3><span class=\"team-name\"><a class=\"\" data-id=\"144\" target=\"_self\" title=\"Ing. Radek Rejna\" href=\"https:\/\/100prozbraslav.cz\/?team=ing-radek-rejna\">Ing. Radek Rejna<\/a><\/span><\/h3><\/div><div class=\"short-bio\"><p>strojn\u00ed konstrukt\u00e9r, radn\u00ed, \u010dlen kanoistick\u00e9ho odd\u00edlu Sport Zbraslav, stavitel d\u0159ev\u011bn\u00fdch soch<\/p>\n<\/div><\/div><\/div><div class=\"rt-col-md-4 rt-col-sm-6 rt-col-xs-12  even-grid-item rt-grid-item round-img\" data-id=\"147\"><div class=\"single-team-area\"><figure><a class=\"\" data-id=\"147\" target=\"_self\" href=\"https:\/\/100prozbraslav.cz\/?team=tomas-novotny\"><img loading=\"lazy\" decoding=\"async\" width=\"330\" height=\"330\" src=\"https:\/\/100prozbraslav.cz\/wp-content\/uploads\/2022\/08\/4_330x330px.png\" class=\"img-responsive rt-team-img\" alt=\"Tom\u00e1\u0161 Novotn\u00fd\" \/><\/a><\/figure><div class=\"tlp-content\"><h3><span class=\"team-name\"><a class=\"\" data-id=\"147\" target=\"_self\" title=\"Tom\u00e1\u0161 Novotn\u00fd\" href=\"https:\/\/100prozbraslav.cz\/?team=tomas-novotny\">Tom\u00e1\u0161 Novotn\u00fd<\/a><\/span><\/h3><\/div><div class=\"short-bio\"><p>p\u0159edseda odborov\u00e9 organizace Dopravn\u00ed odbory Praha, \u0159idi\u010d autobusu<\/p>\n<\/div><\/div><\/div><div class=\"rt-col-md-4 rt-col-sm-6 rt-col-xs-12  even-grid-item rt-grid-item round-img\" data-id=\"149\"><div class=\"single-team-area\"><figure><a class=\"\" data-id=\"149\" target=\"_self\" href=\"https:\/\/100prozbraslav.cz\/?team=judr-michal-murin\"><img loading=\"lazy\" decoding=\"async\" width=\"330\" height=\"330\" src=\"https:\/\/100prozbraslav.cz\/wp-content\/uploads\/2022\/08\/5_330x330px.png\" class=\"img-responsive rt-team-img\" alt=\"JUDr. Michal Mur\u00edn\" \/><\/a><\/figure><div class=\"tlp-content\"><h3><span class=\"team-name\"><a class=\"\" data-id=\"149\" target=\"_self\" title=\"JUDr. Michal Mur\u00edn\" href=\"https:\/\/100prozbraslav.cz\/?team=judr-michal-murin\">JUDr. Michal Mur\u00edn<\/a><\/span><\/h3><\/div><div class=\"short-bio\"><p>pr\u00e1vn\u00edk, bezpe\u010dnostn\u00ed expert<\/p>\n<\/div><\/div><\/div><div class=\"rt-col-md-4 rt-col-sm-6 rt-col-xs-12  even-grid-item rt-grid-item round-img\" data-id=\"160\"><div class=\"single-team-area\"><figure><a class=\"\" data-id=\"160\" target=\"_self\" href=\"https:\/\/100prozbraslav.cz\/?team=mudr-martin-svestka-mba\"><img loading=\"lazy\" decoding=\"async\" width=\"330\" height=\"330\" src=\"https:\/\/100prozbraslav.cz\/wp-content\/uploads\/2022\/08\/6_330x330px.png\" class=\"img-responsive rt-team-img\" alt=\"MUDr. Martin \u0160vestka, MBA\" \/><\/a><\/figure><div class=\"tlp-content\"><h3><span class=\"team-name\"><a class=\"\" data-id=\"160\" target=\"_self\" title=\"MUDr. Martin \u0160vestka, MBA\" href=\"https:\/\/100prozbraslav.cz\/?team=mudr-martin-svestka-mba\">MUDr. Martin \u0160vestka, MBA<\/a><\/span><\/h3><\/div><div class=\"short-bio\"><p>l\u00e9ka\u0159, zastupitel, p\u0159edseda Komise \u017eivotn\u00edho prost\u0159ed\u00ed<\/p>\n<\/div><\/div><\/div><div class=\"rt-col-md-4 rt-col-sm-6 rt-col-xs-12  even-grid-item rt-grid-item round-img\" data-id=\"161\"><div class=\"single-team-area\"><figure><a class=\"\" data-id=\"161\" target=\"_self\" href=\"https:\/\/100prozbraslav.cz\/?team=ondrej-slocar\"><img loading=\"lazy\" decoding=\"async\" width=\"330\" height=\"330\" src=\"https:\/\/100prozbraslav.cz\/wp-content\/uploads\/2022\/08\/7_330x330px.png\" class=\"img-responsive rt-team-img\" alt=\"Ond\u0159ej \u0160locar\" \/><\/a><\/figure><div class=\"tlp-content\"><h3><span class=\"team-name\"><a class=\"\" data-id=\"161\" target=\"_self\" title=\"Ond\u0159ej \u0160locar\" href=\"https:\/\/100prozbraslav.cz\/?team=ondrej-slocar\">Ond\u0159ej \u0160locar<\/a><\/span><\/h3><\/div><div class=\"short-bio\"><p>specialista po\u010d\u00edta\u010dov\u00fdch s\u00edt\u00ed, zastupitel, p\u0159edseda Kontroln\u00edho v\u00fdboru, vedouc\u00ed Skautsk\u00e9ho st\u0159ediska Uragan Zbraslav, \u010dlen veden\u00ed SouthPrague.Net, z.s., \u010dlen JSDH<\/p>\n<\/div><\/div><\/div><div class=\"rt-col-md-4 rt-col-sm-6 rt-col-xs-12  even-grid-item rt-grid-item round-img\" data-id=\"162\"><div class=\"single-team-area\"><figure><a class=\"\" data-id=\"162\" target=\"_self\" href=\"https:\/\/100prozbraslav.cz\/?team=ing-jana-petraskova-dipl-um\"><img loading=\"lazy\" decoding=\"async\" width=\"330\" height=\"330\" src=\"https:\/\/100prozbraslav.cz\/wp-content\/uploads\/2022\/08\/8_330x330px.png\" class=\"img-responsive rt-team-img\" alt=\"Ing. Jana Petr\u00e1\u0161kov\u00e1, dipl. um.\" \/><\/a><\/figure><div class=\"tlp-content\"><h3><span class=\"team-name\"><a class=\"\" data-id=\"162\" target=\"_self\" title=\"Ing. Jana Petr\u00e1\u0161kov\u00e1, dipl. um.\" href=\"https:\/\/100prozbraslav.cz\/?team=ing-jana-petraskova-dipl-um\">Ing. Jana Petr\u00e1\u0161kov\u00e1, dipl. um.<\/a><\/span><\/h3><\/div><div class=\"short-bio\"><p>u\u010ditelka hudby, z\u00e1stupkyn\u011b \u0159editele ZU\u0160 Kl. Slavick\u00e9ho, sbormistryn\u011b a varhanice v kostele sv. Jakuba Star\u0161\u00edho<\/p>\n<\/div><\/div><\/div><div class=\"rt-col-md-4 rt-col-sm-6 rt-col-xs-12  even-grid-item rt-grid-item round-img\" data-id=\"163\"><div class=\"single-team-area\"><figure><a class=\"\" data-id=\"163\" target=\"_self\" href=\"https:\/\/100prozbraslav.cz\/?team=phdr-zuzana-wildova-ph-d\"><img loading=\"lazy\" decoding=\"async\" width=\"330\" height=\"330\" src=\"https:\/\/100prozbraslav.cz\/wp-content\/uploads\/2022\/08\/9_330x330px.png\" class=\"img-responsive rt-team-img\" alt=\"PhDr. Zuzana Wildov\u00e1, Ph.D.\" \/><\/a><\/figure><div class=\"tlp-content\"><h3><span class=\"team-name\"><a class=\"\" data-id=\"163\" target=\"_self\" title=\"PhDr. Zuzana Wildov\u00e1, Ph.D.\" href=\"https:\/\/100prozbraslav.cz\/?team=phdr-zuzana-wildova-ph-d\">PhDr. Zuzana Wildov\u00e1, Ph.D.<\/a><\/span><\/h3><\/div><div class=\"short-bio\"><p>V\u0160 pedago\u017eka, projektov\u00e1 koordin\u00e1torka dialogu ml\u00e1de\u017ee v \u010cRDM, radn\u00ed, \u010dlenka \u0161kolsk\u00e9 komise Z\u0160, p\u0159edsedkyn\u011b spr\u00e1vn\u00ed rady jesl\u00ed, \u010dlenka ZKS<\/p>\n<\/div><\/div><\/div><div class=\"rt-col-md-4 rt-col-sm-6 rt-col-xs-12  even-grid-item rt-grid-item round-img\" data-id=\"164\"><div class=\"single-team-area\"><figure><a class=\"\" data-id=\"164\" target=\"_self\" href=\"https:\/\/100prozbraslav.cz\/?team=mddr-ludmila-horcickova\"><img loading=\"lazy\" decoding=\"async\" width=\"330\" height=\"330\" src=\"https:\/\/100prozbraslav.cz\/wp-content\/uploads\/2022\/08\/10_330x330px.png\" class=\"img-responsive rt-team-img\" alt=\"MDDr. Ludmila Hor\u010di\u010dkov\u00e1\" \/><\/a><\/figure><div class=\"tlp-content\"><h3><span class=\"team-name\"><a class=\"\" data-id=\"164\" target=\"_self\" title=\"MDDr. Ludmila Hor\u010di\u010dkov\u00e1\" href=\"https:\/\/100prozbraslav.cz\/?team=mddr-ludmila-horcickova\">MDDr. Ludmila Hor\u010di\u010dkov\u00e1<\/a><\/span><\/h3><\/div><div class=\"short-bio\"><p>zubn\u00ed l\u00e9ka\u0159ka, aktivn\u00ed obyvatelka Lahovi\u010dek<\/p>\n<\/div><\/div><\/div><div class=\"rt-col-md-4 rt-col-sm-6 rt-col-xs-12  even-grid-item rt-grid-item round-img\" data-id=\"165\"><div class=\"single-team-area\"><figure><a class=\"\" data-id=\"165\" target=\"_self\" href=\"https:\/\/100prozbraslav.cz\/?team=martin-slocar\"><img loading=\"lazy\" decoding=\"async\" width=\"330\" height=\"330\" src=\"https:\/\/100prozbraslav.cz\/wp-content\/uploads\/2022\/08\/11i_330x330px.png\" class=\"img-responsive rt-team-img\" alt=\"Martin \u0160locar\" \/><\/a><\/figure><div class=\"tlp-content\"><h3><span class=\"team-name\"><a class=\"\" data-id=\"165\" target=\"_self\" title=\"Martin \u0160locar\" href=\"https:\/\/100prozbraslav.cz\/?team=martin-slocar\">Martin \u0160locar<\/a><\/span><\/h3><\/div><div class=\"short-bio\"><p>restaurat\u00e9r, zastupitel, \u010dlen kanoistick\u00e9ho odd\u00edlu Sport Zbraslav, organiz\u00e1tor koncert\u016f Swing pro Zbraslav<\/p>\n<\/div><\/div><\/div><div class=\"rt-col-md-4 rt-col-sm-6 rt-col-xs-12  even-grid-item rt-grid-item round-img\" data-id=\"166\"><div class=\"single-team-area\"><figure><a class=\"\" data-id=\"166\" target=\"_self\" href=\"https:\/\/100prozbraslav.cz\/?team=ing-denisa-stankova\"><img loading=\"lazy\" decoding=\"async\" width=\"330\" height=\"330\" src=\"https:\/\/100prozbraslav.cz\/wp-content\/uploads\/2022\/08\/12_330x330px.png\" class=\"img-responsive rt-team-img\" alt=\"Ing. Denisa Sta\u0148kov\u00e1\" \/><\/a><\/figure><div class=\"tlp-content\"><h3><span class=\"team-name\"><a class=\"\" data-id=\"166\" target=\"_self\" title=\"Ing. Denisa Sta\u0148kov\u00e1\" href=\"https:\/\/100prozbraslav.cz\/?team=ing-denisa-stankova\">Ing. Denisa Sta\u0148kov\u00e1<\/a><\/span><\/h3><\/div><div class=\"short-bio\"><p>ekonomka, \u010dlenka povod\u0148ov\u00e9 komise, \u010dlenka spr\u00e1vn\u00ed rady jesl\u00ed<\/p>\n<\/div><\/div><\/div><div class=\"rt-col-md-4 rt-col-sm-6 rt-col-xs-12  even-grid-item rt-grid-item round-img\" data-id=\"167\"><div class=\"single-team-area\"><figure><a class=\"\" data-id=\"167\" target=\"_self\" href=\"https:\/\/100prozbraslav.cz\/?team=michal-chovanec\"><img loading=\"lazy\" decoding=\"async\" width=\"330\" height=\"330\" src=\"https:\/\/100prozbraslav.cz\/wp-content\/uploads\/2022\/08\/13_330x330px.png\" class=\"img-responsive rt-team-img\" alt=\"Michal Chovanec\" \/><\/a><\/figure><div class=\"tlp-content\"><h3><span class=\"team-name\"><a class=\"\" data-id=\"167\" target=\"_self\" title=\"Michal Chovanec\" href=\"https:\/\/100prozbraslav.cz\/?team=michal-chovanec\">Michal Chovanec<\/a><\/span><\/h3><\/div><div class=\"short-bio\"><p>\u0159emesln\u00edk, \u010dlen Okra\u0161lovac\u00edho spolku Zbraslav, \u00fasp\u011b\u0161n\u00fd navrhovatel Participativn\u00edho rozpo\u010dtu<\/p>\n<\/div><\/div><\/div><div class=\"rt-col-md-4 rt-col-sm-6 rt-col-xs-12  even-grid-item rt-grid-item round-img\" data-id=\"168\"><div class=\"single-team-area\"><figure><a class=\"\" data-id=\"168\" target=\"_self\" href=\"https:\/\/100prozbraslav.cz\/?team=ing-petr-jambura\"><img loading=\"lazy\" decoding=\"async\" width=\"330\" height=\"330\" src=\"https:\/\/100prozbraslav.cz\/wp-content\/uploads\/2022\/08\/14_330x330px.png\" class=\"img-responsive rt-team-img\" alt=\"Ing. Petr Jambura\" \/><\/a><\/figure><div class=\"tlp-content\"><h3><span class=\"team-name\"><a class=\"\" data-id=\"168\" target=\"_self\" title=\"Ing. Petr Jambura\" href=\"https:\/\/100prozbraslav.cz\/?team=ing-petr-jambura\">Ing. Petr Jambura<\/a><\/span><\/h3><\/div><div class=\"short-bio\"><p>jednatel zbraslavsk\u00e9 elektro firmy, \u010dlen Veteran Bicycle Clubu Zbraslav a Mysliveck\u00e9ho sdru\u017een\u00ed J\u00edlovi\u0161t\u011b <\/p>\n<\/div><\/div><\/div><div class=\"rt-col-md-4 rt-col-sm-6 rt-col-xs-12  even-grid-item rt-grid-item round-img\" data-id=\"169\"><div class=\"single-team-area\"><figure><a class=\"\" data-id=\"169\" target=\"_self\" href=\"https:\/\/100prozbraslav.cz\/?team=mgr-marcela-michalkova\"><img loading=\"lazy\" decoding=\"async\" width=\"330\" height=\"330\" src=\"https:\/\/100prozbraslav.cz\/wp-content\/uploads\/2022\/08\/15_330x330px.png\" class=\"img-responsive rt-team-img\" alt=\"Mgr. Marcela Mich\u00e1lkov\u00e1\" \/><\/a><\/figure><div class=\"tlp-content\"><h3><span class=\"team-name\"><a class=\"\" data-id=\"169\" target=\"_self\" title=\"Mgr. Marcela Mich\u00e1lkov\u00e1\" href=\"https:\/\/100prozbraslav.cz\/?team=mgr-marcela-michalkova\">Mgr. Marcela Mich\u00e1lkov\u00e1<\/a><\/span><\/h3><\/div><div class=\"short-bio\"><p>administrativn\u00ed pracovnice, organiz\u00e1torka Zbraslavsk\u00e9 burzy oble\u010den\u00ed <\/p>\n<\/div><\/div><\/div><div class=\"rt-col-md-4 rt-col-sm-6 rt-col-xs-12  even-grid-item rt-grid-item round-img\" data-id=\"170\"><div class=\"single-team-area\"><figure><a class=\"\" data-id=\"170\" target=\"_self\" href=\"https:\/\/100prozbraslav.cz\/?team=mgr-oldrich-vlcek\"><img loading=\"lazy\" decoding=\"async\" width=\"330\" height=\"330\" src=\"https:\/\/100prozbraslav.cz\/wp-content\/uploads\/2022\/08\/16_330x330px.png\" class=\"img-responsive rt-team-img\" alt=\"Mgr. Old\u0159ich Vl\u010dek\" \/><\/a><\/figure><div class=\"tlp-content\"><h3><span class=\"team-name\"><a class=\"\" data-id=\"170\" target=\"_self\" title=\"Mgr. Old\u0159ich Vl\u010dek\" href=\"https:\/\/100prozbraslav.cz\/?team=mgr-oldrich-vlcek\">Mgr. Old\u0159ich Vl\u010dek<\/a><\/span><\/h3><\/div><div class=\"short-bio\"><p>herec, re\u017eis\u00e9r, \u010dlen Zbraslavsk\u00e9 kulturn\u00ed spole\u010dnosti<\/p>\n<\/div><\/div><\/div><div class=\"rt-col-md-4 rt-col-sm-6 rt-col-xs-12  even-grid-item rt-grid-item round-img\" data-id=\"171\"><div class=\"single-team-area\"><figure><a class=\"\" data-id=\"171\" target=\"_self\" href=\"https:\/\/100prozbraslav.cz\/?team=janetta-samarkova\"><img loading=\"lazy\" decoding=\"async\" width=\"330\" height=\"330\" src=\"https:\/\/100prozbraslav.cz\/wp-content\/uploads\/2022\/08\/17_330x330px.png\" class=\"img-responsive rt-team-img\" alt=\"Janetta \u0160am\u00e1rkov\u00e1\" \/><\/a><\/figure><div class=\"tlp-content\"><h3><span class=\"team-name\"><a class=\"\" data-id=\"171\" target=\"_self\" title=\"Janetta \u0160am\u00e1rkov\u00e1\" href=\"https:\/\/100prozbraslav.cz\/?team=janetta-samarkova\">Janetta \u0160am\u00e1rkov\u00e1<\/a><\/span><\/h3><\/div><div class=\"short-bio\"><p>fyzioterapeutka, p\u0159edsedkyn\u011b Veteran Bicycle Clubu Zbraslav, \u010dlenka Zbraslavsk\u00e9 kulturn\u00ed spole\u010dnosti <\/p>\n<\/div><\/div><\/div><div class=\"rt-col-md-4 rt-col-sm-6 rt-col-xs-12  even-grid-item rt-grid-item round-img\" data-id=\"267\"><div class=\"single-team-area\"><figure><a class=\"\" data-id=\"267\" target=\"_self\" href=\"https:\/\/100prozbraslav.cz\/?team=100pro-zbraslav\"><img loading=\"lazy\" decoding=\"async\" width=\"512\" height=\"512\" src=\"https:\/\/100prozbraslav.cz\/wp-content\/uploads\/2022\/07\/cropped-cropped-100proZbraslav.png\" class=\"img-responsive rt-team-img\" alt=\"100pro Zbraslav\" \/><\/a><\/figure><div class=\"tlp-content\"><h3><span class=\"team-name\"><a class=\"\" data-id=\"267\" target=\"_self\" title=\"100pro Zbraslav\" href=\"https:\/\/100prozbraslav.cz\/?team=100pro-zbraslav\">100pro Zbraslav<\/a><\/span><\/h3><\/div><\/div><\/div><div class=\"rt-loading-overlay\"><\/div><div class=\"rt-loading rt-ball-clip-rotate\"><div><\/div><\/div><\/div><\/div>\n","protected":false},"excerpt":{"rendered":"<p>Kdo jsou na\u0161i kandid\u00e1ti? T\u00fdm 100pro Zbraslav je slo\u017een\u00fd z \u017een a mu\u017e\u016f r\u016fzn\u00e9ho v\u011bku, vzd\u011bl\u00e1n\u00ed, profes\u00ed, povol\u00e1n\u00ed, z\u00e1jm\u016f, vyzn\u00e1n\u00ed. Ze sv\u00fdch profesn\u00edch \u017eivot\u016f si p\u0159in\u00e1\u0161\u00edme znalosti, pracovitost a odpov\u011bdnost. Jsme zku\u0161en\u00ed zastupitel\u00e9 i odhodlan\u00ed nov\u00e1\u010dci. Jsme z r\u016fzn\u00fdch \u010d\u00e1st\u00ed Zbraslavi a vid\u00edme pot\u0159eby konkr\u00e9tn\u00edho m\u00edsta z n\u011bkolika r\u016fzn\u00fdch pohled\u016f. Spojuje n\u00e1s schopnost domluvit se,&#8230;<\/p>\n","protected":false},"author":1,"featured_media":0,"parent":0,"menu_order":0,"comment_status":"closed","ping_status":"closed","template":"fullwidth-template.php","meta":{"footnotes":""},"class_list":["post-96","page","type-page","status-publish","hentry"],"_links":{"self":[{"href":"https:\/\/100prozbraslav.cz\/index.php?rest_route=\/wp\/v2\/pages\/96","targetHints":{"allow":["GET"]}}],"collection":[{"href":"https:\/\/100prozbraslav.cz\/index.php?rest_route=\/wp\/v2\/pages"}],"about":[{"href":"https:\/\/100prozbraslav.cz\/index.php?rest_route=\/wp\/v2\/types\/page"}],"author":[{"embeddable":true,"href":"https:\/\/100prozbraslav.cz\/index.php?rest_route=\/wp\/v2\/users\/1"}],"replies":[{"embeddable":true,"href":"https:\/\/100prozbraslav.cz\/index.php?rest_route=%2Fwp%2Fv2%2Fcomments&post=96"}],"version-history":[{"count":30,"href":"https:\/\/100prozbraslav.cz\/index.php?rest_route=\/wp\/v2\/pages\/96\/revisions"}],"predecessor-version":[{"id":519,"href":"https:\/\/100prozbraslav.cz\/index.php?rest_route=\/wp\/v2\/pages\/96\/revisions\/519"}],"wp:attachment":[{"href":"https:\/\/100prozbraslav.cz\/index.php?rest_route=%2Fwp%2Fv2%2Fmedia&parent=96"}],"curies":[{"name":"wp","href":"https:\/\/api.w.org\/{rel}","templated":true}]}}